{"id":26,"date":"2021-02-11T11:48:47","date_gmt":"2021-02-11T11:48:47","guid":{"rendered":"https:\/\/localhost\/magdacesti\/?page_id=26"},"modified":"2022-07-27T11:30:03","modified_gmt":"2022-07-27T11:30:03","slug":"magdacesti","status":"publish","type":"page","link":"https:\/\/magdacesti.md\/?page_id=26","title":{"rendered":"M\u0103gd\u0103ce\u0219ti"},"content":{"rendered":"\n<div class=\"row row-collapse row-full-width align-middle align-center\"  id=\"row-451444465\">\n\n\n\t<div id=\"col-671458867\" class=\"col medium-10 small-12 large-10\"  >\n\t\t\t\t<div class=\"col-inner text-left\"  >\n\t\t\t\n\t\t\t\n\n\t<div id=\"gap-662194851\" class=\"gap-element clearfix\" style=\"display:block; height:auto;\">\n\t\t\n<style>\n#gap-662194851 {\n  padding-top: 20px;\n}\n<\/style>\n\t<\/div>\n\t\n\n<h1 class=\"uppercase\" style=\"padding-left: 40px; text-align: center;\"><span style=\"font-size: 100%;\" data-line-height=\"s\"><strong>m\u0103gd\u0103ce\u0219ti &#8211; INIMA BASARABIEI<\/strong><\/span><\/h1>\n<p style=\"padding-left: 40px; text-align: center;\"><em>A\u0219ezarea geografic\u0103, informa\u021bii generale<\/em><\/p>\n<p>&nbsp; &nbsp; &nbsp; &nbsp; &nbsp; Pe traseul de la Chi\u015fin\u0103u spre Orhei la o distan\u0163\u0103 de 15 kilometri pe partea st\u00e2ng\u0103 \u00eencepe o margine a satului nostru, ca apoi s\u0103 se \u00een\u015fire prin c\u00e2mpii deluroase p\u00e2n\u0103 h\u0103t departe spre Hulboaca. Are vecini destoinici ca \u015fi el, spre nord Dr\u0103sliceni, Ratu\u015f \u015fi Pa\u015fcani, spre est Cricova \u015fi spre sud \u015fi sud-est Gr\u0103tie\u015fti \u015fi Hulboaca.<\/p>\n<p>Satul este situat la latitudinea 47\u00ba 8\u00b4N \u015fi longitudine 28\u00ba 49\u00b4 E. Are o suprafa\u0163\u0103 de 12 km patra\u0163i cu un aproximativ perimetru de 13, 51 km. Din componen\u0163a comunei fac parte 2 localit\u0103\u0163i, iar suprafa\u0163a total\u0103 a localit\u0103\u0163ilor \u00een cadrul comunei este de 36 km patra\u0163i.<\/p>\n<p>Distan\u0163a de la M\u0103gd\u0103ce\u015fti p\u00e2n\u0103 la Vadul-lui Vod\u0103 este de 11 km; p\u00e2n\u0103 la Dr\u0103sliceni- 2 km 300 m; p\u00e2n\u0103 la Cricova- 1 km 500 m; p\u00e2n\u0103 la Ciorescu- 2 km 500 m; p\u00e2n\u0103 la Tiraspol- 35 km. Codul po\u015ftal M\u0103gd\u0103ce\u015fti-4829.<\/p>\n<p>Enciclopedia \u201cSovetscaia Moldavia\u201d ap\u0103rut\u0103 la Chi\u015fin\u0103u \u00een 1982 \u00een limba rus\u0103 ne informeaz\u0103, c\u0103 satul M\u0103gd\u0103ce\u015fti este \u00een componen\u0163a sovietului s\u0103tesc Dr\u0103sliceni, raionul Criuleni, situat \u00een partea de vest al raionului pe \u015foseaua Chi\u015fin\u0103u- Orhei, la 38 km distan\u0163\u0103 de centrul raional \u015fi 15 km de calea ferat\u0103 st. Visterniceni(Chi\u0219in\u0103u). Este atestat documentar \u00een anul 1529. Este o filial\u0103 a sovhozului \u201cKarl Marx\u201d(sediul principal se afl\u0103 la Dr\u0103sliceni).\u00cen sat este \u015fcoal\u0103 de 8 ani, cas\u0103 de cultur\u0103 cu instala\u0163ie cinematografic\u0103, bibliotec\u0103, punct medical, gr\u0103dini\u0163\u0103 pentru copii, magazin \u015fi oficiul po\u015ftal. (pag. 360)<\/p>\n<p>\u00cen anul 1997 popula\u0163ia satului M\u0103gd\u0103ce\u015fti a fost estimat\u0103 la 4051 de cet\u0103\u0163eni. La reces\u0103m\u00e2ntul popula\u0163iei din 2004 popula\u0163ia satului a constituit 4601 oameni, din care 49, 66 % fiind b\u0103rba\u0163i \u015fi 50, 34 % femei.<\/p>\n<p>Structura etnic\u0103 a popula\u0163iei \u00een cadrul satului este urm\u0103toarea: 99, 07 %- moldoveni (rom\u00e2ni); 0,33%- ucraineni, 0, 46 %- ru\u015fi. Evrei, polonezi \u015fi \u0163igani \u00een sat nu sunt. Alte etnii \u00een sat constituie 0,09 %.<\/p>\n<p>\u00cen comuna M\u0103gd\u0103ce\u015fti \u00een anul 2004 au fost \u00eenregistrate 1239 de gospod\u0103rii casnice, membrii acestor gospod\u0103rii alc\u0103tuiesc 4601 de persoane, iar m\u0103rimea medie a unei gospod\u0103rii era de 3,7 persoane.<\/p>\n<p><strong>&nbsp; &nbsp; &nbsp; &nbsp; M\u0103gd\u0103ce\u015fti<\/strong> &#8211; sat \u015fi comun\u0103 din raionul Criuleni. Satul are o suprafa\u0163\u0103 de circa 0.12 kilometri p\u0103tra\u0163i, cu un perimetru de 2.46 km. Comuna M\u0103gd\u0103ce\u015fti are o suprafa\u0163\u0103 total\u0103 de 6.81 kilometri p\u0103tra\u0163i, fiind cuprins\u0103 \u00eentr-un perimetru de 13.51 km. Satul este situat la o distan\u0163\u0103 de 38 km de ora\u015ful Criuleni \u015fi 12km de Chi\u0219in\u0103u.<\/p>\n<p>Satul M\u0103gd\u0103ce\u015fti este atestat pentru prima dat\u0103 \u00eentr-un document datat cu 9 martie 1529, c\u00eend Petru Rare\u015f, domnul Moldovei, \u00eent\u0103rea st\u0103p\u00eenirea lui Petru M\u0103gdici \u015fi a fra\u0163ilor s\u0103i Andreica, Jurja \u015fi Br\u0103til\u0103 pe jum\u0103tate de sat din M\u0103gdice\u015fti pe Ichel, pe care o cump\u0103rase tat\u0103l lor, Mihul M\u0103gdici de la \u015eandru Onescul. Este clar c\u0103 satul M\u0103gd\u0103ce\u015fti fusese \u00eentemeiat anterior anului 1529, fiind la aceast\u0103 dat\u0103 obiect de v\u00eenzare-cump\u0103rare.<\/p>\n<p>\u00cen fondurile arhivistice ale Arhivei Na\u021bionale a RM se mai men\u021bioneaz\u0103, c\u0103 M\u0103gd\u0103ce\u015fti la \u00eenceputul secolului al XVIII-lea era un sat deja bine conturat \u0219i c\u0103 la 6 septembrie 1709, Lupascu vinde o parte de loc \u201edin partea de gios din sat din M\u0103gd\u0103ce\u015fti&#8230; \u015fi aceasta se pogoar\u0103 p\u00e2n\u0103 \u00een satul Pa\u015fcanilor&#8230; lui Darie Donici.<\/p>\n<p>Pu\u021bin mai t\u00e2rziu, g\u0103sim un document semnat de domnul Moldovei Grigore Ghica din anul 1724 c\u0103 \u201emo\u015fia la Maglice\u015fti (M\u0103gd\u0103cesti) \u015fi Brisliceni (Dr\u0103sliceni) ce afl\u0103 \u00een \u0163inutul Orheiului pe Ichil&#8221;.<\/p>\n<p>\u00cen secolul al XIX-lea satul M\u0103gd\u0103ce\u015fti este men\u0163ionat \u00een actele oficiale din timpul reformei agrare \u021bariste a lui Stol\u00eepin din 1906-1911. Pentru m\u0103rirea gospod\u0103riilor \u0163\u0103ranilor din satul Dr\u0103sliceni au fost repartizate loturi de p\u0103m\u00e2nt \u00een vechea seli\u015fte M\u0103gd\u0103ce\u015fti. Astfel, circa 100 de \u0163\u0103rani din Dr\u0103sliceni, care au primit c\u00e2te 7 desetine de pamint, au trecut cu traiul \u015fi gospod\u0103ria la M\u0103gd\u0103ce\u015fti. Pe parcursul secolelor num\u0103rul popula\u0163iei cre\u015fte datorit\u0103 str\u0103mut\u0103rii \u0163\u0103ranilor din satele Dr\u0103sliceni \u015fi Ratu\u015f. C\u0103tre \u00eenceputul secolului XX popula\u0163ia satului M\u0103gd\u0103ce\u015fti ajunge la 1500 de locuitori.<\/p>\n\t<div id=\"gap-509416734\" class=\"gap-element clearfix\" style=\"display:block; height:auto;\">\n\t\t\n<style>\n#gap-509416734 {\n  padding-top: 5px;\n}\n<\/style>\n\t<\/div>\n\t\n\n<div class=\"is-divider divider clearfix\" style=\"max-width:98px;\"><\/div>\n\n\n\t\t<\/div>\n\t\t\t\t\t<\/div>\n\n\t\n\n\n<style>\n#row-451444465 > .col > .col-inner {\n  padding: 20px 50px 0px 50px;\n}\n<\/style>\n<\/div>\n\t<div id=\"gap-457028574\" class=\"gap-element clearfix\" style=\"display:block; height:auto;\">\n\t\t\n<style>\n#gap-457028574 {\n  padding-top: 80px;\n}\n<\/style>\n\t<\/div>\n\t\n","protected":false},"excerpt":{"rendered":"","protected":false},"author":1,"featured_media":0,"parent":0,"menu_order":0,"comment_status":"closed","ping_status":"closed","template":"page-blank.php","meta":{"ngg_post_thumbnail":0,"footnotes":""},"class_list":["post-26","page","type-page","status-publish","hentry"],"yoast_head":"<!-- This site is optimized with the Yoast SEO plugin v23.3 - https:\/\/yoast.com\/wordpress\/plugins\/seo\/ -->\n<title>M\u0103gd\u0103ce\u0219ti - M\u0103gd\u0103ce\u0219ti<\/title>\n<meta name=\"robots\" content=\"index, follow, max-snippet:-1, max-image-preview:large, max-video-preview:-1\" \/>\n<link rel=\"canonical\" href=\"https:\/\/magdacesti.md\/?page_id=26\" \/>\n<meta property=\"og:locale\" content=\"en_US\" \/>\n<meta property=\"og:type\" content=\"article\" \/>\n<meta property=\"og:title\" content=\"Despre M\u0103gd\u0103ce\u0219ti\" \/>\n<meta property=\"og:url\" content=\"https:\/\/magdacesti.md\/?page_id=26\" \/>\n<meta property=\"og:site_name\" content=\"M\u0103gd\u0103ce\u0219ti\" \/>\n<meta property=\"article:publisher\" content=\"https:\/\/www.facebook.com\/magdacesti.md\/\" \/>\n<meta property=\"article:modified_time\" content=\"2022-07-27T11:30:03+00:00\" \/>\n<meta property=\"og:image\" content=\"https:\/\/magdacesti.md\/wp-content\/uploads\/2021\/03\/Foto-512-scaled-e1616086839687.jpg\" \/>\n\t<meta property=\"og:image:width\" content=\"2195\" \/>\n\t<meta property=\"og:image:height\" content=\"1068\" \/>\n\t<meta property=\"og:image:type\" content=\"image\/jpeg\" \/>\n<meta name=\"twitter:card\" content=\"summary_large_image\" \/>\n<meta name=\"twitter:label1\" content=\"Est. reading time\" \/>\n\t<meta name=\"twitter:data1\" content=\"3 minutes\" \/>\n<script type=\"application\/ld+json\" class=\"yoast-schema-graph\">{\"@context\":\"https:\/\/schema.org\",\"@graph\":[{\"@type\":\"WebPage\",\"@id\":\"https:\/\/magdacesti.md\/?page_id=26\",\"url\":\"https:\/\/magdacesti.md\/?page_id=26\",\"name\":\"M\u0103gd\u0103ce\u0219ti - M\u0103gd\u0103ce\u0219ti\",\"isPartOf\":{\"@id\":\"https:\/\/magdacesti.md\/#website\"},\"datePublished\":\"2021-02-11T11:48:47+00:00\",\"dateModified\":\"2022-07-27T11:30:03+00:00\",\"breadcrumb\":{\"@id\":\"https:\/\/magdacesti.md\/?page_id=26#breadcrumb\"},\"inLanguage\":\"en-US\",\"potentialAction\":[{\"@type\":\"ReadAction\",\"target\":[\"https:\/\/magdacesti.md\/?page_id=26\"]}]},{\"@type\":\"BreadcrumbList\",\"@id\":\"https:\/\/magdacesti.md\/?page_id=26#breadcrumb\",\"itemListElement\":[{\"@type\":\"ListItem\",\"position\":1,\"name\":\"Home\",\"item\":\"https:\/\/magdacesti.md\/\"},{\"@type\":\"ListItem\",\"position\":2,\"name\":\"M\u0103gd\u0103ce\u0219ti\"}]},{\"@type\":\"WebSite\",\"@id\":\"https:\/\/magdacesti.md\/#website\",\"url\":\"https:\/\/magdacesti.md\/\",\"name\":\"M\u0103gd\u0103ce\u0219ti\",\"description\":\"Un or\u0103\u0219el cu condi\u021bii decente de trai!\",\"publisher\":{\"@id\":\"https:\/\/magdacesti.md\/#organization\"},\"potentialAction\":[{\"@type\":\"SearchAction\",\"target\":{\"@type\":\"EntryPoint\",\"urlTemplate\":\"https:\/\/magdacesti.md\/?s={search_term_string}\"},\"query-input\":\"required name=search_term_string\"}],\"inLanguage\":\"en-US\"},{\"@type\":\"Organization\",\"@id\":\"https:\/\/magdacesti.md\/#organization\",\"name\":\"M\u0103gd\u0103ce\u0219ti\",\"url\":\"https:\/\/magdacesti.md\/\",\"logo\":{\"@type\":\"ImageObject\",\"inLanguage\":\"en-US\",\"@id\":\"https:\/\/magdacesti.md\/#\/schema\/logo\/image\/\",\"url\":\"https:\/\/magdacesti.md\/wp-content\/uploads\/2021\/03\/Foto-514-scaled.jpg\",\"contentUrl\":\"https:\/\/magdacesti.md\/wp-content\/uploads\/2021\/03\/Foto-514-scaled.jpg\",\"width\":2560,\"height\":1707,\"caption\":\"M\u0103gd\u0103ce\u0219ti\"},\"image\":{\"@id\":\"https:\/\/magdacesti.md\/#\/schema\/logo\/image\/\"},\"sameAs\":[\"https:\/\/www.facebook.com\/magdacesti.md\/\"]}]}<\/script>\n<!-- \/ Yoast SEO plugin. -->","yoast_head_json":{"title":"M\u0103gd\u0103ce\u0219ti - M\u0103gd\u0103ce\u0219ti","robots":{"index":"index","follow":"follow","max-snippet":"max-snippet:-1","max-image-preview":"max-image-preview:large","max-video-preview":"max-video-preview:-1"},"canonical":"https:\/\/magdacesti.md\/?page_id=26","og_locale":"en_US","og_type":"article","og_title":"Despre M\u0103gd\u0103ce\u0219ti","og_url":"https:\/\/magdacesti.md\/?page_id=26","og_site_name":"M\u0103gd\u0103ce\u0219ti","article_publisher":"https:\/\/www.facebook.com\/magdacesti.md\/","article_modified_time":"2022-07-27T11:30:03+00:00","og_image":[{"width":2195,"height":1068,"url":"https:\/\/magdacesti.md\/wp-content\/uploads\/2021\/03\/Foto-512-scaled-e1616086839687.jpg","type":"image\/jpeg"}],"twitter_card":"summary_large_image","twitter_misc":{"Est. reading time":"3 minutes"},"schema":{"@context":"https:\/\/schema.org","@graph":[{"@type":"WebPage","@id":"https:\/\/magdacesti.md\/?page_id=26","url":"https:\/\/magdacesti.md\/?page_id=26","name":"M\u0103gd\u0103ce\u0219ti - M\u0103gd\u0103ce\u0219ti","isPartOf":{"@id":"https:\/\/magdacesti.md\/#website"},"datePublished":"2021-02-11T11:48:47+00:00","dateModified":"2022-07-27T11:30:03+00:00","breadcrumb":{"@id":"https:\/\/magdacesti.md\/?page_id=26#breadcrumb"},"inLanguage":"en-US","potentialAction":[{"@type":"ReadAction","target":["https:\/\/magdacesti.md\/?page_id=26"]}]},{"@type":"BreadcrumbList","@id":"https:\/\/magdacesti.md\/?page_id=26#breadcrumb","itemListElement":[{"@type":"ListItem","position":1,"name":"Home","item":"https:\/\/magdacesti.md\/"},{"@type":"ListItem","position":2,"name":"M\u0103gd\u0103ce\u0219ti"}]},{"@type":"WebSite","@id":"https:\/\/magdacesti.md\/#website","url":"https:\/\/magdacesti.md\/","name":"M\u0103gd\u0103ce\u0219ti","description":"Un or\u0103\u0219el cu condi\u021bii decente de trai!","publisher":{"@id":"https:\/\/magdacesti.md\/#organization"},"potentialAction":[{"@type":"SearchAction","target":{"@type":"EntryPoint","urlTemplate":"https:\/\/magdacesti.md\/?s={search_term_string}"},"query-input":"required name=search_term_string"}],"inLanguage":"en-US"},{"@type":"Organization","@id":"https:\/\/magdacesti.md\/#organization","name":"M\u0103gd\u0103ce\u0219ti","url":"https:\/\/magdacesti.md\/","logo":{"@type":"ImageObject","inLanguage":"en-US","@id":"https:\/\/magdacesti.md\/#\/schema\/logo\/image\/","url":"https:\/\/magdacesti.md\/wp-content\/uploads\/2021\/03\/Foto-514-scaled.jpg","contentUrl":"https:\/\/magdacesti.md\/wp-content\/uploads\/2021\/03\/Foto-514-scaled.jpg","width":2560,"height":1707,"caption":"M\u0103gd\u0103ce\u0219ti"},"image":{"@id":"https:\/\/magdacesti.md\/#\/schema\/logo\/image\/"},"sameAs":["https:\/\/www.facebook.com\/magdacesti.md\/"]}]}},"_links":{"self":[{"href":"https:\/\/magdacesti.md\/index.php?rest_route=\/wp\/v2\/pages\/26","targetHints":{"allow":["GET"]}}],"collection":[{"href":"https:\/\/magdacesti.md\/index.php?rest_route=\/wp\/v2\/pages"}],"about":[{"href":"https:\/\/magdacesti.md\/index.php?rest_route=\/wp\/v2\/types\/page"}],"author":[{"embeddable":true,"href":"https:\/\/magdacesti.md\/index.php?rest_route=\/wp\/v2\/users\/1"}],"replies":[{"embeddable":true,"href":"https:\/\/magdacesti.md\/index.php?rest_route=%2Fwp%2Fv2%2Fcomments&post=26"}],"version-history":[{"count":27,"href":"https:\/\/magdacesti.md\/index.php?rest_route=\/wp\/v2\/pages\/26\/revisions"}],"predecessor-version":[{"id":4437,"href":"https:\/\/magdacesti.md\/index.php?rest_route=\/wp\/v2\/pages\/26\/revisions\/4437"}],"wp:attachment":[{"href":"https:\/\/magdacesti.md\/index.php?rest_route=%2Fwp%2Fv2%2Fmedia&parent=26"}],"curies":[{"name":"wp","href":"https:\/\/api.w.org\/{rel}","templated":true}]}}