{"id":30,"date":"2021-02-11T11:49:05","date_gmt":"2021-02-11T11:49:05","guid":{"rendered":"https:\/\/localhost\/magdacesti\/?page_id=30"},"modified":"2022-07-27T11:25:50","modified_gmt":"2022-07-27T11:25:50","slug":"servicii","status":"publish","type":"page","link":"https:\/\/magdacesti.md\/?page_id=30","title":{"rendered":"Servicii"},"content":{"rendered":"\n\n\t<section class=\"section\" id=\"section_55339745\">\n\t\t<div class=\"section-bg fill\" >\n\t\t\t\t\t\t\t\t\t\n\t\t\t\n\n\t\t<\/div>\n\n\t\t\n\n\t\t<div class=\"section-content relative\">\n\t\t\t\n\n<div class=\"row\"  id=\"row-599421495\">\n\n\n\t<div id=\"col-2101949676\" class=\"col small-12 large-12\"  >\n\t\t\t\t<div class=\"col-inner text-center\"  >\n\t\t\t\n\t\t\t\n\n<h2>Servicii<\/h2>\n\n\t\t<\/div>\n\t\t\t\t\t<\/div>\n\n\t\n\n<\/div>\n<div class=\"row align-center\"  id=\"row-977476896\">\n\n\n\t<div id=\"col-1123262321\" class=\"col medium-10 small-12 large-3\"  >\n\t\t\t\t<div class=\"col-inner\" style=\"background-color:rgb(245, 247, 251);\" >\n\t\t\t\n\t\t\t\n\n<h3>Categorii<\/h3>\n<ul>\n<li><a href=\"#cantina\">Cantina de ajutor social<\/a><\/li>\n<li><a href=\"#asisten\u021ba-social\u0103\">Asisten\u021ba social\u0103<\/a><\/li>\n<li><a href=\"#ap\u0103-\u0219i-canalizare\">Ap\u0103 \u0219i canalizare<\/a><\/li>\n<li><a href=\"#oficiul-po\u0219tal\">Oficiul po\u0219tal<\/a><\/li>\n<li><a href=\"#salubrizare\">Salubrizare<\/a><\/li>\n<li><a href=\"#agen\u021bi-economici\">Agen\u021bi economici<\/a><\/li>\n<\/ul>\n\n\t\t<\/div>\n\t\t\t\t\n<style>\n#col-1123262321 > .col-inner {\n  padding: 20px 20px 20px 20px;\n}\n<\/style>\n\t<\/div>\n\n\t\n\n\t<div id=\"col-138283865\" class=\"col medium-10 small-12 large-6\"  >\n\t\t\t\t<div class=\"col-inner\"  >\n\t\t\t\n\t\t\t\n\n<div class=\"row\"  id=\"row-958528325\">\n\n\n\t<div id=\"col-173672958\" class=\"col small-12 large-12\"  >\n\t\t\t\t<div class=\"col-inner\"  >\n\t\t\t\n\t\t\t\n\n<span class=\"scroll-to\" data-label=\"Scroll to: #cantina\" data-bullet=\"false\" data-link=\"#cantina\" data-title=\"cantina\"><a name=\"cantina\"><\/a><\/span>\n\n<h3>Cantina de ajutor social<\/h3>\n<h3 class=\"accordion_title\">Prestarea serviciilor de alimenta\u0163ie pentru persoanele socialmente vulnerabile \u015fi distribuirea hranei la domiciliu persoanelor imobilizate.<\/h3><div class=\"accordion\">\n\n\t<div id=\"accordion-1443566322\" class=\"accordion-item\">\n\t\t<a id=\"accordion-1443566322-label\" class=\"accordion-title plain\" href=\"#accordion-item-cine-beneficiaz\u0103-de-serviciile-cantinei?\" aria-expanded=\"false\" aria-controls=\"accordion-1443566322-content\">\n\t\t\t<button class=\"toggle\" aria-label=\"Toggle\"><i class=\"icon-angle-down\" aria-hidden=\"true\"><\/i><\/button>\n\t\t\t<span>Cine beneficiaz\u0103 de serviciile cantinei?<\/span>\n\t\t<\/a>\n\t\t<div id=\"accordion-1443566322-content\" class=\"accordion-inner\" aria-labelledby=\"accordion-1443566322-label\">\n\t\t\t\n\n<p style=\"text-align: left;\">De serviciile cantinei de ajutor social beneficiaz\u0103 urm\u0103toarele categorii de persoane socialmente vulnerabile, ale c\u0103ror venituri lunare, pe anul precedent, constituie 1-2 pensii minime pentru limit\u0103 de v\u00eerst\u0103:<br>&nbsp;&nbsp;&nbsp;<strong> a)<\/strong> persoanele care au atins v\u00eersta de pensionare (f\u0103r\u0103 domiciliu, f\u0103r\u0103 sus\u0163in\u0103tori legali, f\u0103r\u0103 venituri sau cu venituri mici);<br>&nbsp;&nbsp;&nbsp;<strong> b)<\/strong> invalizii;<br>&nbsp;&nbsp;&nbsp;<strong> c)<\/strong> copiii p\u00een\u0103 la 18 ani (din familiile cu mul\u0163i copii, monoparentale \u015fi din alte familii considerate socialmente vulnerabile \u00een baza anchetei sociale \u00eentocmite de<br>sec\u0163iile asisten\u0163\u0103 social\u0103 \u015fi protec\u0163ie a familiei)<\/p>\n\n\t\t<\/div>\n\t<\/div>\n\t\n\t<div id=\"accordion-575805377\" class=\"accordion-item\">\n\t\t<a id=\"accordion-575805377-label\" class=\"accordion-title plain\" href=\"#accordion-item-documente-necesare\" aria-expanded=\"false\" aria-controls=\"accordion-575805377-content\">\n\t\t\t<button class=\"toggle\" aria-label=\"Toggle\"><i class=\"icon-angle-down\" aria-hidden=\"true\"><\/i><\/button>\n\t\t\t<span>Documente necesare<\/span>\n\t\t<\/a>\n\t\t<div id=\"accordion-575805377-content\" class=\"accordion-inner\" aria-labelledby=\"accordion-575805377-label\">\n\t\t\t\n\n<p>Dreptul la serviciile cantinei de ajutor social se stabile\u0219te \u00een baza urm\u0103toarelor documente:<\/p>\n<p>a) Cererea-tip a solicitantului, adresat\u0103 primarului satului, la care se anexeaz\u0103 copiile, dup\u0103 caz, ale: buletinului de identitate (pa\u0219aport) sau adeverin\u021bei de na\u0219tere, pentru cei care nu au atins v\u00e2rsta majoratului;<\/p>\n<p>adeverin\u021belor de na\u0219tere ale tuturor copiilor (pentru familiile cu mul\u021bi copii);<\/p>\n<p>certificatului despre componen\u021ba familiei, eliberat de prim\u0103rie, sau extrasului din cartea de imobil;<\/p>\n<p>certificatului de divor\u021b;<\/p>\n<p>adeverin\u021bei medicale a solicitantului, care s\u0103 certiice c\u0103 acesta nu sufer\u0103 de boli transmisibile;<\/p>\n<p>b) alte acte ce atest\u0103 starea social-vulnerabil\u0103 a familiei solicitantului: adeverin\u021ba de la prim\u0103rie, confirm\u00e2nd c\u0103 solicitantul nu are proprietate p\u0103m\u00e2nt &#8211; teren agricol, sau, dac\u0103 \u00eel posed\u0103, nu ob\u021bine venit de pe el din cauza calamit\u0103\u021bilor naturale sau din alte motive \u00eentemeiate;<\/p>\n<p>adeverin\u021ba de salarizare, cu specificarea salariului net, ajutorul de \u0219omaj etc.<\/p>\n\n\t\t<\/div>\n\t<\/div>\n\t\n\n<\/div>\n\n\t\t<\/div>\n\t\t\t\t\t<\/div>\n\n\t\n\n<\/div>\n<div class=\"row\"  id=\"row-619287200\">\n\n\n\t<div id=\"col-1496054061\" class=\"col small-12 large-12\"  >\n\t\t\t\t<div class=\"col-inner\"  >\n\t\t\t\n\t\t\t\n\n<span class=\"scroll-to\" data-label=\"Scroll to: #asisten\u021ba-social\u0103\" data-bullet=\"false\" data-link=\"#asisten\u021ba-social\u0103\" data-title=\"Asisten\u021ba social\u0103\"><a name=\"asisten\u021ba-social\u0103\"><\/a><\/span>\n\n<h3>Asisten\u021ba social\u0103<\/h3>\n<div class=\"accordion\">\n\n\t<div id=\"accordion-3161711844\" class=\"accordion-item\">\n\t\t<a id=\"accordion-3161711844-label\" class=\"accordion-title plain\" href=\"#accordion-item-asistent-social\" aria-expanded=\"false\" aria-controls=\"accordion-3161711844-content\">\n\t\t\t<button class=\"toggle\" aria-label=\"Toggle\"><i class=\"icon-angle-down\" aria-hidden=\"true\"><\/i><\/button>\n\t\t\t<span>Asistent social<\/span>\n\t\t<\/a>\n\t\t<div id=\"accordion-3161711844-content\" class=\"accordion-inner\" aria-labelledby=\"accordion-3161711844-label\">\n\t\t\t\n\n<p><strong>Aurica Natalia<\/strong><br><strong>Asistent social comunitar<\/strong><br><strong>tel. (0248) 33-864<\/strong><\/p>\n\n\t\t<\/div>\n\t<\/div>\n\t\n\t<div id=\"accordion-2961221271\" class=\"accordion-item\">\n\t\t<a id=\"accordion-2961221271-label\" class=\"accordion-title plain\" href=\"#accordion-item-serviciile-\u0219i-presta\u021biile-sociale-prestate\" aria-expanded=\"false\" aria-controls=\"accordion-2961221271-content\">\n\t\t\t<button class=\"toggle\" aria-label=\"Toggle\"><i class=\"icon-angle-down\" aria-hidden=\"true\"><\/i><\/button>\n\t\t\t<span>Serviciile \u0219i presta\u021biile sociale prestate<\/span>\n\t\t<\/a>\n\t\t<div id=\"accordion-2961221271-content\" class=\"accordion-inner\" aria-labelledby=\"accordion-2961221271-label\">\n\t\t\t\n\n<p><a href=\"https:\/\/magdacesti.md\/wp-content\/uploads\/2021\/03\/serviciul-asistenta-sociala.docx\">Document &#8211; Servicii \u0219i presta\u021biile sociale prestate<\/a><\/p>\n\n\t\t<\/div>\n\t<\/div>\n\t\n\n<\/div>\n\n\t\t<\/div>\n\t\t\t\t\t<\/div>\n\n\t\n\n<\/div>\n<div class=\"row\"  id=\"row-1111757545\">\n\n\n\t<div id=\"col-1390462444\" class=\"col small-12 large-12\"  >\n\t\t\t\t<div class=\"col-inner\"  >\n\t\t\t\n\t\t\t\n\n<span class=\"scroll-to\" data-label=\"Scroll to: #ap\u0103-\u0219i-canalizare\" data-bullet=\"false\" data-link=\"#ap\u0103-\u0219i-canalizare\" data-title=\"ap\u0103-\u0219i-canalizare\"><a name=\"ap\u0103-\u0219i-canalizare\"><\/a><\/span>\n\n<h3>Ap\u0103 \u0219i canalizare<\/h3>\n<div class=\"accordion\">\n\n\t<div id=\"accordion-403840099\" class=\"accordion-item\">\n\t\t<a id=\"accordion-403840099-label\" class=\"accordion-title plain\" href=\"#accordion-item-regulament-de-func\u021bionare-im-ap\u0103-canal-m\u0103gd\u0103ce\u0219ti\" aria-expanded=\"false\" aria-controls=\"accordion-403840099-content\">\n\t\t\t<button class=\"toggle\" aria-label=\"Toggle\"><i class=\"icon-angle-down\" aria-hidden=\"true\"><\/i><\/button>\n\t\t\t<span>Regulament de func\u021bionare IM Ap\u0103 Canal M\u0103gd\u0103ce\u0219ti<\/span>\n\t\t<\/a>\n\t\t<div id=\"accordion-403840099-content\" class=\"accordion-inner\" aria-labelledby=\"accordion-403840099-label\">\n\t\t\t\n\n<p class=\"wp-block-pdfemb-pdf-embedder-viewer\"><a href=\"https:\/\/magdacesti.md\/wp-content\/uploads\/2021\/03\/Regulament-de-functionare-IM-Apa-canal.pdf\" class=\"pdfemb-viewer\" style=\"\" data-width=\"max\" data-height=\"max\" data-toolbar=\"bottom\" data-toolbar-fixed=\"off\">Regulament-de-functionare-IM-Apa-canal<\/a>\n\n\t\t<\/div>\n\t<\/div>\n\t\n\t<div id=\"accordion-177659929\" class=\"accordion-item\">\n\t\t<a id=\"accordion-177659929-label\" class=\"accordion-title plain\" href=\"#accordion-item-obiecte-interzise-de-a-fi-aruncate-\u00een-canaliz\u0103rile-conectate-la-sta\u0163ia-de-epurare\" aria-expanded=\"false\" aria-controls=\"accordion-177659929-content\">\n\t\t\t<button class=\"toggle\" aria-label=\"Toggle\"><i class=\"icon-angle-down\" aria-hidden=\"true\"><\/i><\/button>\n\t\t\t<span>Obiecte interzise de a fi aruncate \u00een canaliz\u0103rile conectate la sta\u0163ia de epurare<\/span>\n\t\t<\/a>\n\t\t<div id=\"accordion-177659929-content\" class=\"accordion-inner\" aria-labelledby=\"accordion-177659929-label\">\n\t\t\t\n\n<p class=\"wp-block-pdfemb-pdf-embedder-viewer\"><a href=\"https:\/\/magdacesti.md\/wp-content\/uploads\/2021\/03\/Obiecte-interzise-in-cnalizare.pdf\" class=\"pdfemb-viewer\" style=\"\" data-width=\"max\" data-height=\"max\" data-toolbar=\"bottom\" data-toolbar-fixed=\"off\">Obiecte-interzise-\u00een-cnalizare<\/a>\n\n\t\t<\/div>\n\t<\/div>\n\t\n\t<div id=\"accordion-693704991\" class=\"accordion-item\">\n\t\t<a id=\"accordion-693704991-label\" class=\"accordion-title plain\" href=\"#accordion-item-contacte\" aria-expanded=\"false\" aria-controls=\"accordion-693704991-content\">\n\t\t\t<button class=\"toggle\" aria-label=\"Toggle\"><i class=\"icon-angle-down\" aria-hidden=\"true\"><\/i><\/button>\n\t\t\t<span>Contacte<\/span>\n\t\t<\/a>\n\t\t<div id=\"accordion-693704991-content\" class=\"accordion-inner\" aria-labelledby=\"accordion-693704991-label\">\n\t\t\t\n\n<p><strong>Administrator:<\/strong><\/p>\n<p>Dragoman Andrei tel.: 024833860<\/p>\n<p><strong>Sediul:<\/strong>&nbsp;str. Petre Magdiciu Nr.17 (cladirea fostului centru medical, nivelul I)<\/p>\n\n\t\t<\/div>\n\t<\/div>\n\t\n\n<\/div>\n\n\t\t<\/div>\n\t\t\t\t\t<\/div>\n\n\t\n\n<\/div>\n\n\t\t<\/div>\n\t\t\t\t\n<style>\n#col-138283865 > .col-inner {\n  margin: 0px 0px -37px 0px;\n}\n<\/style>\n\t<\/div>\n\n\t\n\n\t<div id=\"col-788303346\" class=\"col medium-10 small-12 large-6\"  >\n\t\t\t\t<div class=\"col-inner\"  >\n\t\t\t\n\t\t\t\n\n<div class=\"row\"  id=\"row-379349258\">\n\n\n\t<div id=\"col-632515800\" class=\"col small-12 large-12\"  >\n\t\t\t\t<div class=\"col-inner\"  >\n\t\t\t\n\t\t\t\n\n<span class=\"scroll-to\" data-label=\"Scroll to: #oficiul-po\u0219tal\" data-bullet=\"false\" data-link=\"#oficiul-po\u0219tal\" data-title=\"Oficiul-po\u0219tal\"><a name=\"oficiul-po\u0219tal\"><\/a><\/span>\n\n<h3>Oficiul po\u0219tal<\/h3>\n<div class=\"accordion\">\n\n\t<div id=\"accordion-582775449\" class=\"accordion-item\">\n\t\t<a id=\"accordion-582775449-label\" class=\"accordion-title plain\" href=\"#accordion-item-colectiv-de-lucru\" aria-expanded=\"false\" aria-controls=\"accordion-582775449-content\">\n\t\t\t<button class=\"toggle\" aria-label=\"Toggle\"><i class=\"icon-angle-down\" aria-hidden=\"true\"><\/i><\/button>\n\t\t\t<span>Colectiv de lucru<\/span>\n\t\t<\/a>\n\t\t<div id=\"accordion-582775449-content\" class=\"accordion-inner\" aria-labelledby=\"accordion-582775449-label\">\n\t\t\t\n\n<p><strong>Oficiul Po\u0219tal M\u0103gd\u0103ce\u0219ti<\/strong><\/p>\n<p>se afl\u0103 \u00een subordinea Centrului de Po\u0219t\u0103 Criuleni, director-Ion Grecu<\/p>\n<p><strong>\u0218ef Oficiu<\/strong>&nbsp;\u2013 Nina Todorov<\/p>\n<p><strong>operator<\/strong>&nbsp;\u2013 Oxana Cazacu<\/p>\n<p><strong>po\u0219ta\u0219<\/strong>&nbsp;\u2013 Maria Moga<\/p>\n<p><strong>po\u0219ta\u0219<\/strong>&nbsp;\u2013 Eugenia \u0218evaldin<\/p>\n<p>r-ul Criuleni, sat. M\u0103gd\u0103ce\u0219ti, str. Petre Magdiciu<\/p>\n\n\t\t<\/div>\n\t<\/div>\n\t\n\t<div id=\"accordion-2187205635\" class=\"accordion-item\">\n\t\t<a id=\"accordion-2187205635-label\" class=\"accordion-title plain\" href=\"#accordion-item-program\" aria-expanded=\"false\" aria-controls=\"accordion-2187205635-content\">\n\t\t\t<button class=\"toggle\" aria-label=\"Toggle\"><i class=\"icon-angle-down\" aria-hidden=\"true\"><\/i><\/button>\n\t\t\t<span>Program<\/span>\n\t\t<\/a>\n\t\t<div id=\"accordion-2187205635-content\" class=\"accordion-inner\" aria-labelledby=\"accordion-2187205635-label\">\n\t\t\t\n\n<p>Luni &#8211; Vineri 08.00-16.00<\/p>\n<p>Pauz\u0103 13.00-14.00<\/p>\n<p>S\u00e2mb\u0103t\u0103 &#8211; duminic\u0103 zile de odihn\u0103<\/p>\n\n\t\t<\/div>\n\t<\/div>\n\t\n\t<div id=\"accordion-743585141\" class=\"accordion-item\">\n\t\t<a id=\"accordion-743585141-label\" class=\"accordion-title plain\" href=\"#accordion-item-servicii-prestate\" aria-expanded=\"false\" aria-controls=\"accordion-743585141-content\">\n\t\t\t<button class=\"toggle\" aria-label=\"Toggle\"><i class=\"icon-angle-down\" aria-hidden=\"true\"><\/i><\/button>\n\t\t\t<span>Servicii prestate<\/span>\n\t\t<\/a>\n\t\t<div id=\"accordion-743585141-content\" class=\"accordion-inner\" aria-labelledby=\"accordion-743585141-label\">\n\t\t\t\n\n<p>1. Achitarea pensiei \u0219i suportului financiar<\/p>\n<p>2. Achitarea pl\u0103\u021bilor sociale<\/p>\n<p>3. Primirea \u0219i achitarea mandatelor b\u0103ne\u0219ti (transferuri)<\/p>\n<p>4. Primirea \u0219i distribuirea pachetelor, coletelor, EMS, curierat rapid<\/p>\n<p>5. Primirea \u0219i distribuirea presei, coresponden\u021bei (scrisorilor)<\/p>\n<p>6. Achitarea serviciilor comunale<\/p>\n<p>7. V\u00eenzarea presei<\/p>\n<p>8. Transportarea \u00eenc\u0103rc\u0103turilor pe teitoriul \u021b\u0103rii<\/p>\n\n\t\t<\/div>\n\t<\/div>\n\t\n\n<\/div>\n\n\t\t<\/div>\n\t\t\t\t\t<\/div>\n\n\t\n\n<\/div>\n<div class=\"row\"  id=\"row-1676374379\">\n\n\n\t<div id=\"col-2108928424\" class=\"col small-12 large-12\"  >\n\t\t\t\t<div class=\"col-inner\"  >\n\t\t\t\n\t\t\t\n\n<span class=\"scroll-to\" data-label=\"Scroll to: #salubrizare\" data-bullet=\"false\" data-link=\"#salubrizare\" data-title=\"Salubrizare\"><a name=\"salubrizare\"><\/a><\/span>\n\n<h3>Salubrizare<\/h3>\n<div class=\"accordion\">\n\n\t<div id=\"accordion-1258210813\" class=\"accordion-item\">\n\t\t<a id=\"accordion-1258210813-label\" class=\"accordion-title plain\" href=\"#accordion-item-obiective\" aria-expanded=\"false\" aria-controls=\"accordion-1258210813-content\">\n\t\t\t<button class=\"toggle\" aria-label=\"Toggle\"><i class=\"icon-angle-down\" aria-hidden=\"true\"><\/i><\/button>\n\t\t\t<span>Obiective<\/span>\n\t\t<\/a>\n\t\t<div id=\"accordion-1258210813-content\" class=\"accordion-inner\" aria-labelledby=\"accordion-1258210813-label\">\n\t\t\t\n\n<p>\u00centreprinderea Municipal\u0103 \u201eECO-RURAL PRIM\u201d, a fost fondat\u0103 prin decizia Consiliului S\u0103tesc M\u0103gd\u0103ce\u015fti, \u00een anul 2012, director Sergiu GUZUN, obiectivul primordial fiind cel de colectare \u015fi transportare a de\u015feurilor din sat.<br>Prin activitatea desf\u0103\u015furat\u0103, \u00ce.M. \u201cECO-RURAL PRIM\u201d diminueaz\u0103 poluarea \u015fi spore\u015fte cura\u0163enia localit\u0103\u0163ii noastre. Activitatea \u00eentreprinderii este \u00eendreptat\u0103 spre atingerea urm\u0103toarelor obiective:<\/p>\n<p>1. Amenajarea \u015fi \u00eentre\u0163inerea locurilor de uz comun, a parcurilor \u015fi spa\u0163iilor verzi;<br>2. Colectarea frunzi\u015fului de pe str\u0103zile satului;<br>3. Eficien\u0163a economic\u0103 \u015fi optimizarea cheltuielelor de evacuare a de\u015feurilor.<\/p>\n<p>Pentru organizarea eficient\u0103 a procesului de evacuare a de\u015feurilor, str\u0103zle din sat a fost structurate \u00een 3 sectoare. Astfel evacuarea de\u015feurilor se efectuiaz\u0103 \u00een zilele de Mar\u0163i, Miercuri \u015fi Vineri.<\/p>\n\n\t\t<\/div>\n\t<\/div>\n\t\n\t<div id=\"accordion-1581644033\" class=\"accordion-item\">\n\t\t<a id=\"accordion-1581644033-label\" class=\"accordion-title plain\" href=\"#accordion-item-sectoare\" aria-expanded=\"false\" aria-controls=\"accordion-1581644033-content\">\n\t\t\t<button class=\"toggle\" aria-label=\"Toggle\"><i class=\"icon-angle-down\" aria-hidden=\"true\"><\/i><\/button>\n\t\t\t<span>Sectoare<\/span>\n\t\t<\/a>\n\t\t<div id=\"accordion-1581644033-content\" class=\"accordion-inner\" aria-labelledby=\"accordion-1581644033-label\">\n\t\t\t\n\n<p><em>Sectorul 1 include urmatoarele str\u0103zi:<\/em><\/p>\n<p>Alexei Mateevici \u2013 Tudor Argezi \u2013 Ion Incule\u0163 \u2013 Dacia \u2013 Burebista \u2013 Alexandru Pl\u0103m\u0103deal\u0103 \u2013 Alexandru cel Bun \u2013 Nicolae Milescu-Sp\u0103tarul \u00een perimetrul T. Arghezi \u015fi Al. Cel Bun<\/p>\n<p><em>Sectorul 2 include urmatoare str\u0103zi:<\/em><\/p>\n<p>Petre Magdeciu \u2013 Maria Cibotaru \u2013 Mihai Eminescu \u2013 Ion Creang\u0103 \u2013 Petru Rare\u015f \u2013 Aleco Russo \u2013 P\u0103cii \u2013 Calea Liceului \u2013 Veronica Micle \u2013 Ion \u015fi Doina Aldea Teodorovici \u2013 Mitropolit Varlaam \u2013 Mitropolit B\u0103nulescu Bodoni \u2013 Alexandru Ioan Cuza \u2013 Dimitrie Cantemir \u2013 Nicolae Milescu Sp\u0103tarul \u2013 R\u0103z\u0103\u015filor \u2013 Nicolae Sulac \u2013 Izvoarelor.<\/p>\n<p><em>Sectorul 3 include urmatoare str\u0103zi:<\/em><\/p>\n<p>Basarabiei \u2013 Gheorghe Asachi \u2013 Ion Neculce \u2013 Vasile Alecsandri \u2013 Vilelor \u2013 Grigore Vieru \u2013 Liviu Damian \u2013 Lidia Istrati \u2013 Ion B\u00e2tlan \u2013 David Ababii \u2013 Maria Magdalena \u2013 Emil Loteanu \u2013 Calea Orheiului \u2013 \u015etefan Cel Mare \u2013 Constantin Stere \u2013 Eugen Doga \u2013 Decebal \u2013 Tineretului \u2013 Bucure\u015fti \u2013 Trandafirilor \u2013 Mihai Kog\u00e2lniceanu \u2013 Mihai Sadoveanu \u2013Vasile Lupu \u2013 Independen\u0163ei \u2013 Mu\u015fatinilor \u2013 Lucian Blaga \u2013 Ion Vtamanu \u2013 Nicolae Iorga \u2013 Flutura.<\/p>\n\n\t\t<\/div>\n\t<\/div>\n\t\n\t<div id=\"accordion-4081079270\" class=\"accordion-item\">\n\t\t<a id=\"accordion-4081079270-label\" class=\"accordion-title plain\" href=\"#accordion-item-graficul-de-activitate-la-platforma-de-stocare-a-de\u015feurilor-\u0219i-contacte\" aria-expanded=\"false\" aria-controls=\"accordion-4081079270-content\">\n\t\t\t<button class=\"toggle\" aria-label=\"Toggle\"><i class=\"icon-angle-down\" aria-hidden=\"true\"><\/i><\/button>\n\t\t\t<span>Graficul de activitate la Platforma de Stocare a De\u015feurilor \u0219i Contacte<\/span>\n\t\t<\/a>\n\t\t<div id=\"accordion-4081079270-content\" class=\"accordion-inner\" aria-labelledby=\"accordion-4081079270-label\">\n\t\t\t\n\n<p>Perioada 1 noiembrie \u2013 31 martie<br>Mar\u0163i 8:30-17:30<br>Miercuri 8:30-17:30<br>Vineri 8:30-17:30<br>S\u00e2mb\u0103t\u0103 8:30-17:30<\/p>\n<p>Perioada 1 aprilie \u2013 31 Octombrie<br>Mar\u0163i 8:00- 19:00<br>Miercuri 8:00-19:00<br>Vineri 8:00-19:00<br>S\u00e2mb\u0103t\u0103 8:00-19:00<\/p>\n<p>Telefon de contact: 060230025<\/p>\n\n\t\t<\/div>\n\t<\/div>\n\t\n\n<\/div>\n\n\t\t<\/div>\n\t\t\t\t\t<\/div>\n\n\t\n\n<\/div>\n<div class=\"row\"  id=\"row-1279882282\">\n\n\n\t<div id=\"col-1693783476\" class=\"col small-12 large-12\"  >\n\t\t\t\t<div class=\"col-inner\"  >\n\t\t\t\n\t\t\t\n\n<span class=\"scroll-to\" data-label=\"Scroll to: #agen\u021bi-economici\" data-bullet=\"false\" data-link=\"#agen\u021bi-economici\" data-title=\"agen\u021bi-economici\"><a name=\"agen\u021bi-economici\"><\/a><\/span>\n\n<h3>Agen\u021bi economici &#8211; list\u0103<\/h3>\n<div class=\"accordion\">\n\n\t<div id=\"accordion-1490424826\" class=\"accordion-item\">\n\t\t<a id=\"accordion-1490424826-label\" class=\"accordion-title plain\" href=\"#accordion-item-denumirea-agentului-economic-|-telefon-de-contact-|-genul-de-activitate\" aria-expanded=\"false\" aria-controls=\"accordion-1490424826-content\">\n\t\t\t<button class=\"toggle\" aria-label=\"Toggle\"><i class=\"icon-angle-down\" aria-hidden=\"true\"><\/i><\/button>\n\t\t\t<span>Denumirea agentului economic | Telefon de contact | Genul de activitate<\/span>\n\t\t<\/a>\n\t\t<div id=\"accordion-1490424826-content\" class=\"accordion-inner\" aria-labelledby=\"accordion-1490424826-label\">\n\t\t\t\n\n<p><span style=\"font-size: 90%;\">1 SRL Poiata Sadovnic 068080844 Magazin pentru realizarea materialelor de construc\u0163ie<\/span><\/p>\n<p><span style=\"font-size: 90%;\">2 \u00ce M SRL \u201eHydrosystems\u201dML 024893019 Magazine pentru realizarea sitemelor de iriga\u0163ie<\/span><\/p>\n<p><span style=\"font-size: 90%;\">3 \u00ceI \u201eRoibu-Exim\u201d 079446475 079608628 Magazine pentru realizarea articolelor din metal<\/span><\/p>\n<p><span style=\"font-size: 90%;\">4 \u00ceI \u201eGuzun Maria\u201d 069218708 Cafenea-Bar<\/span><\/p>\n<p><span style=\"font-size: 90%;\">5 \u00ceI \u201eGuzun Maria\u201d 069591507 Restaurant,Sal\u0103 de ceremonii<\/span><\/p>\n<p><span style=\"font-size: 90%;\">6 SRL \u201eTitan-Exim\u201d 0248 63396 Magazin pentru realizarea materialelor de construc\u0163ie<\/span><\/p>\n<p><span style=\"font-size: 90%;\">7 CS \u201eSpeclemn Construct\u201d 069194588 Magazin pentru realizarea materialelor de construc\u0163ie<\/span><\/p>\n<p><span style=\"font-size: 90%;\">8 \u00ceI \u201ePetru Muntean\u201d 079108204 Magazin alimentar<\/span><\/p>\n<p><span style=\"font-size: 90%;\">9 SRL \u201eSorfe \u2013Com\u201d 069318228 Magazin pentru realizarea audio-video aparatur\u0103<\/span><\/p>\n<p><span style=\"font-size: 90%;\">10 \u00ceI \u201eGuzun Olve\u201d 024834403 069218603 Cafenea-Bar, Sal\u0103 de ceremonii<\/span><\/p>\n<p><span style=\"font-size: 90%;\">11 COOP s. Dr\u0103sliceni Magazin alimentar<\/span><\/p>\n<p><span style=\"font-size: 90%;\">12 \u00ceI \u201eVarzari\u201d 079710011 Cafenea-Bar, Sal\u0103 de ceremonii<\/span><\/p>\n<p><span style=\"font-size: 90%;\">13 SRL\u201eBotnari -Com\u201d 069170670 Magazin alimentar<\/span><\/p>\n<p><span style=\"font-size: 90%;\">14 SRL \u201eCalea Orheiului\u201d 069913430 Servicii auto,vulcanizare<\/span><\/p>\n<p><span style=\"font-size: 90%;\">15 \u00ceI \u201eGrati Larisa\u201d 024834403 079504731 Magazin pentru realizarea materialelor de construc\u0163ie<\/span><\/p>\n<p><span style=\"font-size: 90%;\">16 \u00ceI \u201eFurtuna Iulia\u201d 024834622 Magazin alimentar,sal\u0103 de ceremonii<\/span><\/p>\n<p><span style=\"font-size: 90%;\">17 SC \u201eAndridana-Plus\u201dSRL 079342224 Magazin alimentar<\/span><\/p>\n<p><span style=\"font-size: 90%;\">18 SRL \u201eFanmarcom\u201d 069203421 Magazin alimentar<\/span><\/p>\n<p><span style=\"font-size: 90%;\">19 \u00ceI \u201eSergiu Varzari\u201d 079509867 Magazin pentru realizarea tehicii agricole<\/span><\/p>\n<p><span style=\"font-size: 90%;\">20 \u00ceI \u201eNegura Efrosinia\u201d 024834548 Magazin alimentar<\/span><\/p>\n<p><span style=\"font-size: 90%;\">21 \u00ceI \u201eCojocaru V.V.\u201d 024834002 069175805 Magazin alimentar<\/span><\/p>\n<p><span style=\"font-size: 90%;\">22 \u00ceI \u201eGheorghe Guzun\u201d 024834346 Cafenea-Bar,<\/span><\/p>\n<p><span style=\"font-size: 90%;\">23 \u00ceI \u201eAngela Buzu\u201d 024834900 Farmacie<\/span><\/p>\n<p><span style=\"font-size: 90%;\">24 \u00ceI \u201eNucu\u015for-Bajora\u201d 024834657 Sal\u0103 de ceremonii,<\/span><\/p>\n<p><span style=\"font-size: 90%;\">25 \u00ceI \u201eMaria Savciuc\u201d Magazin alimentar<\/span><\/p>\n<p><span style=\"font-size: 90%;\">26 \u00ceI \u201eBuzu Maria\u201d 069163654 Magazin alimentar<\/span><\/p>\n<p><span style=\"font-size: 90%;\">27 \u00ceI \u201eChihaia Ghenadie\u201d 024834911 Magazin pentru realizarea materialelor de construc\u0163ie<\/span><\/p>\n<p><span style=\"font-size: 90%;\">28 SRL \u201dDinastia Com\u201d 069483268 Cafenea Bar,Sal\u0103 de ceremonii<\/span><\/p>\n<p><span style=\"font-size: 90%;\">29 SRL \u201dStelion Plus\u201d 069093461 Magazin alimentar<\/span><\/p>\n<p><span style=\"font-size: 90%;\">30 SRL \u201dBPM-PLUS\u201d Magazin pentru realizarea materialelor de construc\u0163ie<\/span><\/p>\n<p><span style=\"font-size: 90%;\">31 \u00ce I \u201dEfros Mariana \u201d 069337791 Magazin pentru realizarea detergen\u0163ilor<\/span><\/p>\n<p><span style=\"font-size: 90%;\">32 SRL Bujorzi 078960645 Magazin alimentar<\/span><\/p>\n<p><span style=\"font-size: 90%;\">33 SRL \u201eGREENVAMP\u201d Magazin alimentar<\/span><\/p>\n<p><span style=\"font-size: 90%;\">34 SRL \u201eVILENAO PRIM \u201e Sp\u0103l\u0103torie auto<\/span><\/p>\n<p><span style=\"font-size: 90%;\">35 SRL\u201dBMP- TRADE\u201d Magazin pentru realizarea materialelor de construc\u0163ie<\/span><\/p>\n<p><span style=\"font-size: 90%;\">36 IC\u015e SRL \u201eMetal Supply Masters\u201d Confec\u0163ionarea obiectelor din metal<\/span><\/p>\n<p><span style=\"font-size: 90%;\">37 SC \u201eBASADORO AGROTEH\u201d Magazin pentru realizarea tehicii agricole<\/span><\/p>\n<p><span style=\"font-size: 90%;\">38 SRL \u201eONIX-AUTO\u201d 069026773 Servicii auto<\/span><\/p>\n<p><span style=\"font-size: 90%;\">39 SRL \u201eFARMALID\u201d 068087272 Farmacie<\/span><\/p>\n<p><span style=\"font-size: 90%;\">40 SRL\u201dDAMECO-LUX\u201d 069163410 Sec\u0163ie de mezeluri<\/span><\/p>\n<p><span style=\"font-size: 90%;\">41 \u00ceI Ursu Vladimir 069194866 Sal\u0103 de ceremonii<\/span><\/p>\n<p><span style=\"font-size: 90%;\">42 SRL \u201eVaromi PRIM \u201e Magazin alimentar<\/span><\/p>\n<p><span style=\"font-size: 90%;\">43 S&amp;ServiceSRL 069384855 Cre\u015fterea puilor de g\u0103in\u0103<\/span><\/p>\n<p><span style=\"font-size: 90%;\">44 Licodema SRL<\/span><\/p>\n<p><span style=\"font-size: 90%;\">45 Ghenven-Service SRL Confec\u0163ionarea obiectelor din metal<\/span><\/p>\n<p><span style=\"font-size: 90%;\">46 G\u0162 Moara lui Ion Guzun 024834650 Moar\u0103 de gr\u00eeu<\/span><\/p>\n<p><span style=\"font-size: 90%;\">47 SRL Frocvel 024834002 Sec\u0163ie de mezeluri<\/span><\/p>\n<p><span style=\"font-size: 90%;\">48 Guzun Vasile Pepenier\u0103<\/span><\/p>\n<p><span style=\"font-size: 90%;\">49 Buzu Dumitru Cabinet stomatologic<\/span><\/p>\n<p><span style=\"font-size: 90%;\">50 Ursu Vladimir Vasie Sp\u0103l\u0103torie auto<\/span><\/p>\n<p><span style=\"font-size: 90%;\">51 Soltan Silvia Frizerie<\/span><\/p>\n<p><span style=\"font-size: 90%;\">52 Onica Feodosia Frizerie<\/span><\/p>\n<p><span style=\"font-size: 90%;\">53 Vestieru Solomia Salon masaj<\/span><\/p>\n<p><span style=\"font-size: 90%;\">54 Buzu Maria Frizerie<\/span><\/p>\n<p><span style=\"font-size: 90%;\">55 Guzun Vasile Frizerie<\/span><\/p>\n<p><span style=\"font-size: 90%;\">56 Soltan Ecaterina Frizerie<\/span><\/p>\n<p><span style=\"font-size: 90%;\">57 SRL \u201cGheneven Service\u201d 069108201 Depozit cereal<\/span><\/p>\n<p><span style=\"font-size: 90%;\">58 SRL\u201dProfme\u0219ter\u201d Complex de producere a amestecurilor uscate<\/span><\/p>\n\n\t\t<\/div>\n\t<\/div>\n\t\n\n<\/div>\n\n\t\t<\/div>\n\t\t\t\t\t<\/div>\n\n\t\n\n<\/div>\n\n\t\t<\/div>\n\t\t\t\t\n<style>\n#col-788303346 > .col-inner {\n  margin: 0px 0px 0px 0;\n}\n@media (min-width:850px) {\n  #col-788303346 > .col-inner {\n    margin: 0px 0px 0px 135px;\n  }\n}\n<\/style>\n\t<\/div>\n\n\t\n\n<\/div>\n\n\t\t<\/div>\n\n\t\t\n<style>\n#section_55339745 {\n  padding-top: 60px;\n  padding-bottom: 60px;\n  background-color: rgb(255,255,255);\n}\n<\/style>\n\t<\/section>\n\t\n","protected":false},"excerpt":{"rendered":"","protected":false},"author":1,"featured_media":0,"parent":0,"menu_order":0,"comment_status":"closed","ping_status":"closed","template":"page-blank.php","meta":{"ngg_post_thumbnail":0,"footnotes":""},"class_list":["post-30","page","type-page","status-publish","hentry"],"yoast_head":"<!-- This site is optimized with the Yoast SEO plugin v23.3 - https:\/\/yoast.com\/wordpress\/plugins\/seo\/ -->\n<title>Servicii - M\u0103gd\u0103ce\u0219ti<\/title>\n<meta name=\"robots\" content=\"index, follow, max-snippet:-1, max-image-preview:large, max-video-preview:-1\" \/>\n<link rel=\"canonical\" href=\"https:\/\/magdacesti.md\/?page_id=30\" \/>\n<meta property=\"og:locale\" content=\"en_US\" \/>\n<meta property=\"og:type\" content=\"article\" \/>\n<meta property=\"og:title\" content=\"Servicii\" \/>\n<meta property=\"og:url\" content=\"https:\/\/magdacesti.md\/?page_id=30\" \/>\n<meta property=\"og:site_name\" content=\"M\u0103gd\u0103ce\u0219ti\" \/>\n<meta property=\"article:publisher\" content=\"https:\/\/www.facebook.com\/magdacesti.md\/\" \/>\n<meta property=\"article:modified_time\" content=\"2022-07-27T11:25:50+00:00\" \/>\n<meta property=\"og:image\" content=\"https:\/\/magdacesti.md\/wp-content\/uploads\/2021\/03\/Foto-514-scaled.jpg\" \/>\n\t<meta property=\"og:image:width\" content=\"2560\" \/>\n\t<meta property=\"og:image:height\" content=\"1707\" \/>\n\t<meta property=\"og:image:type\" content=\"image\/jpeg\" \/>\n<meta name=\"twitter:card\" content=\"summary_large_image\" \/>\n<meta name=\"twitter:label1\" content=\"Est. reading time\" \/>\n\t<meta name=\"twitter:data1\" content=\"6 minutes\" \/>\n<script type=\"application\/ld+json\" class=\"yoast-schema-graph\">{\"@context\":\"https:\/\/schema.org\",\"@graph\":[{\"@type\":\"WebPage\",\"@id\":\"https:\/\/magdacesti.md\/?page_id=30\",\"url\":\"https:\/\/magdacesti.md\/?page_id=30\",\"name\":\"Servicii - M\u0103gd\u0103ce\u0219ti\",\"isPartOf\":{\"@id\":\"https:\/\/magdacesti.md\/#website\"},\"datePublished\":\"2021-02-11T11:49:05+00:00\",\"dateModified\":\"2022-07-27T11:25:50+00:00\",\"breadcrumb\":{\"@id\":\"https:\/\/magdacesti.md\/?page_id=30#breadcrumb\"},\"inLanguage\":\"en-US\",\"potentialAction\":[{\"@type\":\"ReadAction\",\"target\":[\"https:\/\/magdacesti.md\/?page_id=30\"]}]},{\"@type\":\"BreadcrumbList\",\"@id\":\"https:\/\/magdacesti.md\/?page_id=30#breadcrumb\",\"itemListElement\":[{\"@type\":\"ListItem\",\"position\":1,\"name\":\"Home\",\"item\":\"https:\/\/magdacesti.md\/\"},{\"@type\":\"ListItem\",\"position\":2,\"name\":\"Servicii\"}]},{\"@type\":\"WebSite\",\"@id\":\"https:\/\/magdacesti.md\/#website\",\"url\":\"https:\/\/magdacesti.md\/\",\"name\":\"M\u0103gd\u0103ce\u0219ti\",\"description\":\"Un or\u0103\u0219el cu condi\u021bii decente de trai!\",\"publisher\":{\"@id\":\"https:\/\/magdacesti.md\/#organization\"},\"potentialAction\":[{\"@type\":\"SearchAction\",\"target\":{\"@type\":\"EntryPoint\",\"urlTemplate\":\"https:\/\/magdacesti.md\/?s={search_term_string}\"},\"query-input\":\"required name=search_term_string\"}],\"inLanguage\":\"en-US\"},{\"@type\":\"Organization\",\"@id\":\"https:\/\/magdacesti.md\/#organization\",\"name\":\"M\u0103gd\u0103ce\u0219ti\",\"url\":\"https:\/\/magdacesti.md\/\",\"logo\":{\"@type\":\"ImageObject\",\"inLanguage\":\"en-US\",\"@id\":\"https:\/\/magdacesti.md\/#\/schema\/logo\/image\/\",\"url\":\"https:\/\/magdacesti.md\/wp-content\/uploads\/2021\/03\/Foto-514-scaled.jpg\",\"contentUrl\":\"https:\/\/magdacesti.md\/wp-content\/uploads\/2021\/03\/Foto-514-scaled.jpg\",\"width\":2560,\"height\":1707,\"caption\":\"M\u0103gd\u0103ce\u0219ti\"},\"image\":{\"@id\":\"https:\/\/magdacesti.md\/#\/schema\/logo\/image\/\"},\"sameAs\":[\"https:\/\/www.facebook.com\/magdacesti.md\/\"]}]}<\/script>\n<!-- \/ Yoast SEO plugin. -->","yoast_head_json":{"title":"Servicii - M\u0103gd\u0103ce\u0219ti","robots":{"index":"index","follow":"follow","max-snippet":"max-snippet:-1","max-image-preview":"max-image-preview:large","max-video-preview":"max-video-preview:-1"},"canonical":"https:\/\/magdacesti.md\/?page_id=30","og_locale":"en_US","og_type":"article","og_title":"Servicii","og_url":"https:\/\/magdacesti.md\/?page_id=30","og_site_name":"M\u0103gd\u0103ce\u0219ti","article_publisher":"https:\/\/www.facebook.com\/magdacesti.md\/","article_modified_time":"2022-07-27T11:25:50+00:00","og_image":[{"width":2560,"height":1707,"url":"https:\/\/magdacesti.md\/wp-content\/uploads\/2021\/03\/Foto-514-scaled.jpg","type":"image\/jpeg"}],"twitter_card":"summary_large_image","twitter_misc":{"Est. reading time":"6 minutes"},"schema":{"@context":"https:\/\/schema.org","@graph":[{"@type":"WebPage","@id":"https:\/\/magdacesti.md\/?page_id=30","url":"https:\/\/magdacesti.md\/?page_id=30","name":"Servicii - M\u0103gd\u0103ce\u0219ti","isPartOf":{"@id":"https:\/\/magdacesti.md\/#website"},"datePublished":"2021-02-11T11:49:05+00:00","dateModified":"2022-07-27T11:25:50+00:00","breadcrumb":{"@id":"https:\/\/magdacesti.md\/?page_id=30#breadcrumb"},"inLanguage":"en-US","potentialAction":[{"@type":"ReadAction","target":["https:\/\/magdacesti.md\/?page_id=30"]}]},{"@type":"BreadcrumbList","@id":"https:\/\/magdacesti.md\/?page_id=30#breadcrumb","itemListElement":[{"@type":"ListItem","position":1,"name":"Home","item":"https:\/\/magdacesti.md\/"},{"@type":"ListItem","position":2,"name":"Servicii"}]},{"@type":"WebSite","@id":"https:\/\/magdacesti.md\/#website","url":"https:\/\/magdacesti.md\/","name":"M\u0103gd\u0103ce\u0219ti","description":"Un or\u0103\u0219el cu condi\u021bii decente de trai!","publisher":{"@id":"https:\/\/magdacesti.md\/#organization"},"potentialAction":[{"@type":"SearchAction","target":{"@type":"EntryPoint","urlTemplate":"https:\/\/magdacesti.md\/?s={search_term_string}"},"query-input":"required name=search_term_string"}],"inLanguage":"en-US"},{"@type":"Organization","@id":"https:\/\/magdacesti.md\/#organization","name":"M\u0103gd\u0103ce\u0219ti","url":"https:\/\/magdacesti.md\/","logo":{"@type":"ImageObject","inLanguage":"en-US","@id":"https:\/\/magdacesti.md\/#\/schema\/logo\/image\/","url":"https:\/\/magdacesti.md\/wp-content\/uploads\/2021\/03\/Foto-514-scaled.jpg","contentUrl":"https:\/\/magdacesti.md\/wp-content\/uploads\/2021\/03\/Foto-514-scaled.jpg","width":2560,"height":1707,"caption":"M\u0103gd\u0103ce\u0219ti"},"image":{"@id":"https:\/\/magdacesti.md\/#\/schema\/logo\/image\/"},"sameAs":["https:\/\/www.facebook.com\/magdacesti.md\/"]}]}},"_links":{"self":[{"href":"https:\/\/magdacesti.md\/index.php?rest_route=\/wp\/v2\/pages\/30","targetHints":{"allow":["GET"]}}],"collection":[{"href":"https:\/\/magdacesti.md\/index.php?rest_route=\/wp\/v2\/pages"}],"about":[{"href":"https:\/\/magdacesti.md\/index.php?rest_route=\/wp\/v2\/types\/page"}],"author":[{"embeddable":true,"href":"https:\/\/magdacesti.md\/index.php?rest_route=\/wp\/v2\/users\/1"}],"replies":[{"embeddable":true,"href":"https:\/\/magdacesti.md\/index.php?rest_route=%2Fwp%2Fv2%2Fcomments&post=30"}],"version-history":[{"count":65,"href":"https:\/\/magdacesti.md\/index.php?rest_route=\/wp\/v2\/pages\/30\/revisions"}],"predecessor-version":[{"id":4688,"href":"https:\/\/magdacesti.md\/index.php?rest_route=\/wp\/v2\/pages\/30\/revisions\/4688"}],"wp:attachment":[{"href":"https:\/\/magdacesti.md\/index.php?rest_route=%2Fwp%2Fv2%2Fmedia&parent=30"}],"curies":[{"name":"wp","href":"https:\/\/api.w.org\/{rel}","templated":true}]}}